{"id":102151,"date":"2021-10-21T13:17:42","date_gmt":"2021-10-21T11:17:42","guid":{"rendered":"http:\/\/siter.fr\/?page_id=102151"},"modified":"2024-06-26T10:39:14","modified_gmt":"2024-06-26T08:39:14","slug":"qui-sommes-nous","status":"publish","type":"page","link":"https:\/\/siter.fr\/index.php\/qui-sommes-nous\/","title":{"rendered":"Qui sommes nous ?"},"content":{"rendered":"<div class=\"wpb-content-wrapper\"><p>[vc_row][vc_column width=\u00a0\u00bb1\/1&Prime;][vc_column_text uncode_shortcode_id=\u00a0\u00bb175892&Prime;]<\/p>\n<h1>\u00c9diteur de solutions pour le diagnostic des enjeux, la mise en \u0153uvre de strat\u00e9gie publiques et priv\u00e9es, la gestion de projet, la qualit\u00e9 et l\u2019\u00e9valuation des impacts.<\/h1>\n<p>[\/vc_column_text][\/vc_column][\/vc_row][vc_row][vc_column width=\u00a0\u00bb1\/1&Prime;][vc_column_text uncode_shortcode_id=\u00a0\u00bb733193&Prime;]<strong>Depuis 1997, SITER accompagne et conseille les organisations publiques et priv\u00e9es dans la mise en \u0153uvre de leurs strat\u00e9gies en leur apportant les outils d\u00e9di\u00e9s ou issus de notre recherche et d\u00e9veloppement.<\/strong>[\/vc_column_text][\/vc_column][\/vc_row][vc_row][vc_column width=\u00a0\u00bb1\/2&Prime;][vc_column_text uncode_shortcode_id=\u00a0\u00bb142957&Prime;]<\/p>\n<h1><strong><img decoding=\"async\" class=\"size-medium wp-image-102177 alignleft\" src=\"http:\/\/siter.fr\/wp-content\/uploads\/2021\/11\/Startup-Business-Strategy-1-300x225.png\" alt=\"\" width=\"300\" height=\"225\" srcset=\"https:\/\/siter.fr\/wp-content\/uploads\/2021\/11\/Startup-Business-Strategy-1-300x225.png 300w, https:\/\/siter.fr\/wp-content\/uploads\/2021\/11\/Startup-Business-Strategy-1-1024x768.png 1024w, https:\/\/siter.fr\/wp-content\/uploads\/2021\/11\/Startup-Business-Strategy-1-768x576.png 768w, https:\/\/siter.fr\/wp-content\/uploads\/2021\/11\/Startup-Business-Strategy-1-1536x1152.png 1536w, https:\/\/siter.fr\/wp-content\/uploads\/2021\/11\/Startup-Business-Strategy-1-600x450.png 600w, https:\/\/siter.fr\/wp-content\/uploads\/2021\/11\/Startup-Business-Strategy-1.png 1600w\" sizes=\"(max-width: 300px) 100vw, 300px\" \/><\/strong><\/h1>\n<p><strong>\u00a0<\/strong><\/p>\n<p>Notre approche part des \u00e9quipes m\u00e9tiers, organis\u00e9es en groupes pilotes dans une d\u00e9marche d\u2019am\u00e9lioration continue, de gains d\u2019efficacit\u00e9 (augmentation de la productivit\u00e9), de simplification (rationalisation des proc\u00e9dures) et d\u2019adh\u00e9sion (consensus m\u00e9tiers).<\/p>\n<p>Reconnues pour leur op\u00e9rationnalit\u00e9 et la qualit\u00e9 de leur int\u00e9gration au sein des syst\u00e8mes d\u2019information existants, nos solutions installent un cadre propice \u00e0 une remont\u00e9e d\u2019informations pertinentes, qui refl\u00e8tent la r\u00e9alit\u00e9 terrain.<\/p>\n<p>Les tableaux de bord alimentent ainsi les \u00e9quipes de direction d\u2019indicateurs cl\u00e9s, dans lesquels les contributeurs se reconnaissent, qui permettent \u00e0 chacun de valorise ses apports et d\u2019aligner les actions sur la strat\u00e9gie.<\/p>\n<p>[\/vc_column_text][\/vc_column][vc_column width=\u00a0\u00bb1\/2&Prime;][vc_column_text uncode_shortcode_id=\u00a0\u00bb747002&Prime;]Notre savoir-faire se construit sur une approche double\u00a0: fournir aux \u00e9quipes m\u00e9tier des outils op\u00e9rationnels \u00e9clair\u00e9s d\u2019une vision sur la donn\u00e9e pertinente et ainsi, nourrir l\u2019arbitrage d\u00e9cisionnel et l\u2019alignement strat\u00e9gique. Notre approche favorise la reconnexion de l\u2019op\u00e9rationnel au d\u00e9cisionnel, des actions \u00e0 leur contribution \u00e0 la strat\u00e9gie, et l\u2019adh\u00e9sion des \u00e9quipes aux missions de l\u2019organisation.<\/p>\n<p>Cette vision forg\u00e9e par notre exp\u00e9rience dans la conception des solutions logicielles, leur d\u00e9ploiement et la mobilisation des \u00e9quipes nourrit notre gamme d\u2019outils de pilotage. Interconnect\u00e9s, int\u00e9grateurs et englobants, ils d\u00e9finissent un cadre op\u00e9rationnel au service de l\u2019\u00e9valuation et de l\u2019adh\u00e9sion des acteurs.<\/p>\n<h1><strong><img decoding=\"async\" class=\"size-medium wp-image-102178 alignright\" src=\"http:\/\/siter.fr\/wp-content\/uploads\/2021\/11\/Startup-Business-Strategy-3-300x225.png\" alt=\"\" width=\"300\" height=\"225\" srcset=\"https:\/\/siter.fr\/wp-content\/uploads\/2021\/11\/Startup-Business-Strategy-3-300x225.png 300w, https:\/\/siter.fr\/wp-content\/uploads\/2021\/11\/Startup-Business-Strategy-3-1024x768.png 1024w, https:\/\/siter.fr\/wp-content\/uploads\/2021\/11\/Startup-Business-Strategy-3-768x576.png 768w, https:\/\/siter.fr\/wp-content\/uploads\/2021\/11\/Startup-Business-Strategy-3-1536x1152.png 1536w, https:\/\/siter.fr\/wp-content\/uploads\/2021\/11\/Startup-Business-Strategy-3-600x450.png 600w, https:\/\/siter.fr\/wp-content\/uploads\/2021\/11\/Startup-Business-Strategy-3.png 1600w\" sizes=\"(max-width: 300px) 100vw, 300px\" \/><\/strong><\/h1>\n<p><strong>\u00a0<\/strong>En soutien des organisations, nos dispositifs de pilotage suivent, structurent, formalisent et connectent l\u2019ensemble des services et des contributeurs. Des missions aux axes strat\u00e9giques et leurs transcriptions aux projets et aux actions de terrains, ils donnent \u00e0 voir aux parties prenantes de l\u2019action, sa mise en \u0153uvre et sa contribution aux axes strat\u00e9giques.<\/p>\n<p>Ils se d\u00e9marquent d\u2019un contr\u00f4le de gestion des moyens parcellaires (financiers, RH\u2026) pour offrir le cadre op\u00e9rationnel d\u2019une vision int\u00e9gr\u00e9e de l\u2019ensemble des donn\u00e9es et pluriannuelle, qui s\u2019inscrit dans une d\u00e9marche de performance.[\/vc_column_text][\/vc_column][\/vc_row][vc_row][vc_column width=\u00a0\u00bb1\/2&Prime;][vc_column_text uncode_shortcode_id=\u00a0\u00bb138749&Prime;]<\/p>\n<h1><strong>Nos domaines <\/strong><\/h1>\n<h1><strong>d&rsquo;expertise<\/strong><\/h1>\n<h1><\/h1>\n<p>Nos outils sont d\u00e9ploy\u00e9s au sein d\u2019entreprises priv\u00e9es, d\u2019associations, de territoires et collectivit\u00e9s publiques et nous sommes engag\u00e9s aupr\u00e8s des \u00e9quipes dans la dur\u00e9e.<\/p>\n<p>Notre exp\u00e9rience de cet accompagnement, \u00e0 l\u2019\u00e9coute de nos clients, ces vingt derni\u00e8res ann\u00e9es, a nourri notre expertise dans leur mise en place, leur d\u00e9ploiement et leur adh\u00e9sion par les \u00e9quipes.<\/p>\n<p>Nous apportons un conseil m\u00e9tier sur la d\u00e9marche de suivi et d\u2019\u00e9valuation, un support technique en ligne. Nous assurons la maintenance de nos applications.[\/vc_column_text][\/vc_column][vc_column width=\u00a0\u00bb1\/2&Prime;][vc_column_text uncode_shortcode_id=\u00a0\u00bb875243&Prime;]<\/p>\n<h1><strong>Nos solutions <\/strong><\/h1>\n<p>Nous concevons des solutions d\u00e9cisionnelles pour le pilotage et l&rsquo;\u00e9valuation.<\/p>\n<p>Elles s\u2019adressent en particulier aux organisations qui souhaitent renforcer l\u2019adh\u00e9sion de l\u2019ensemble des parties prenantes et les acteurs mobilis\u00e9s en leur donnant une lisibilit\u00e9 sur les avanc\u00e9es de la strat\u00e9gie mise en \u0153uvre et une lecture de leur contribution.<\/p>\n<p>Ces outils de pilotage strat\u00e9gique sont des tableaux de bord complets qui int\u00e8grent les diff\u00e9rentes composantes d\u2019une d\u00e9marche d\u2019\u00e9valuation globale et dont la souplesse permet une prise en main facilit\u00e9e et une adaptation \u00e0 des enjeux sp\u00e9cifiques.<\/p>\n<p>Ils s\u2019articulent sur toute la cha\u00eene de valeur sp\u00e9cifique aux services depuis l\u2019\u00e9tude des besoins et la d\u00e9finition des enjeux par des remont\u00e9es terrain (ENQUETE) ou des analyses comparatives (STRATOBS), au pilotage actif des actions et la mesure de l\u2019atteinte des objectifs jusqu\u2019\u00e0 la d\u00e9marche \u00e9valuative et qualit\u00e9 (QPILOTE et GRADIENT) et l\u2019ajustement de l\u2019offre de services qu\u2019ils soient priv\u00e9s ou publics et collectifs.[\/vc_column_text][\/vc_column][\/vc_row][vc_row][vc_column width=\u00a0\u00bb1\/1&Prime;][vc_column_text uncode_shortcode_id=\u00a0\u00bb195633&Prime;]<\/p>\n<h2><strong>Des solutions con\u00e7ues pour apporter une lisibilit\u00e9 des actions engag\u00e9es par et pour les diff\u00e9rentes parties prenantes mobilis\u00e9es, qui mesurent leurs contributions aux axes strat\u00e9giques.<\/strong><\/h2>\n<p>[\/vc_column_text][\/vc_column][\/vc_row][vc_row][vc_column width=\u00a0\u00bb1\/2&Prime;][vc_column_text uncode_shortcode_id=\u00a0\u00bb186421&Prime;]<\/p>\n<h1><strong><img decoding=\"async\" class=\"alignnone size-medium wp-image-102179\" src=\"http:\/\/siter.fr\/wp-content\/uploads\/2021\/11\/2021-11-09-LOGO-ENQUETE-300x92.png\" alt=\"\" width=\"300\" height=\"92\" srcset=\"https:\/\/siter.fr\/wp-content\/uploads\/2021\/11\/2021-11-09-LOGO-ENQUETE-300x92.png 300w, https:\/\/siter.fr\/wp-content\/uploads\/2021\/11\/2021-11-09-LOGO-ENQUETE-1024x313.png 1024w, https:\/\/siter.fr\/wp-content\/uploads\/2021\/11\/2021-11-09-LOGO-ENQUETE-768x235.png 768w, https:\/\/siter.fr\/wp-content\/uploads\/2021\/11\/2021-11-09-LOGO-ENQUETE-1536x470.png 1536w, https:\/\/siter.fr\/wp-content\/uploads\/2021\/11\/2021-11-09-LOGO-ENQUETE-600x184.png 600w, https:\/\/siter.fr\/wp-content\/uploads\/2021\/11\/2021-11-09-LOGO-ENQUETE.png 1621w\" sizes=\"(max-width: 300px) 100vw, 300px\" \/><\/strong><\/h1>\n<p>De la collecte efficiente de donn\u00e9es et du diagnostic des pratiques et des besoins : cr\u00e9ation de questionnaires (d\u00e9pendances, seuils d\u2019alertes\u2026) annuaires des enqu\u00eates, gestion et attribution des enqu\u00eateurs, saisie des r\u00e9ponses, identification des risques, suivi des besoins d\u2019accompagnement, bilan des actions et des risques avec ENQUETES ;<\/p>\n<h1><strong><img decoding=\"async\" class=\"alignnone size-medium wp-image-102180\" src=\"http:\/\/siter.fr\/wp-content\/uploads\/2021\/11\/2021-11-09-LOGO-STRATOBS-300x89.png\" alt=\"\" width=\"300\" height=\"89\" srcset=\"https:\/\/siter.fr\/wp-content\/uploads\/2021\/11\/2021-11-09-LOGO-STRATOBS-300x89.png 300w, https:\/\/siter.fr\/wp-content\/uploads\/2021\/11\/2021-11-09-LOGO-STRATOBS-1024x303.png 1024w, https:\/\/siter.fr\/wp-content\/uploads\/2021\/11\/2021-11-09-LOGO-STRATOBS-768x227.png 768w, https:\/\/siter.fr\/wp-content\/uploads\/2021\/11\/2021-11-09-LOGO-STRATOBS-1536x455.png 1536w, https:\/\/siter.fr\/wp-content\/uploads\/2021\/11\/2021-11-09-LOGO-STRATOBS-600x178.png 600w, https:\/\/siter.fr\/wp-content\/uploads\/2021\/11\/2021-11-09-LOGO-STRATOBS.png 1688w\" sizes=\"(max-width: 300px) 100vw, 300px\" \/><\/strong><\/h1>\n<p>A la production<\/p>\n<p>d\u2019analyses territoriales complexes mobilisant des donn\u00e9es issues de sources vari\u00e9es \u00e0 diff\u00e9rentes \u00e9chelles territoriales de la commune \u00e0 la France enti\u00e8re mais aussi sur des territoires \u00e0 fa\u00e7on avec STRATOBS ;[\/vc_column_text][\/vc_column][vc_column width=\u00a0\u00bb1\/2&Prime;][vc_column_text uncode_shortcode_id=\u00a0\u00bb182358&Prime;]<\/p>\n<h1><strong><img decoding=\"async\" class=\"alignnone size-medium wp-image-102182\" src=\"http:\/\/siter.fr\/wp-content\/uploads\/2021\/11\/2021-11-09-LOGO-QPILOTE-300x97.png\" alt=\"\" width=\"300\" height=\"97\" srcset=\"https:\/\/siter.fr\/wp-content\/uploads\/2021\/11\/2021-11-09-LOGO-QPILOTE-300x97.png 300w, https:\/\/siter.fr\/wp-content\/uploads\/2021\/11\/2021-11-09-LOGO-QPILOTE-1024x330.png 1024w, https:\/\/siter.fr\/wp-content\/uploads\/2021\/11\/2021-11-09-LOGO-QPILOTE-768x247.png 768w, https:\/\/siter.fr\/wp-content\/uploads\/2021\/11\/2021-11-09-LOGO-QPILOTE-1536x495.png 1536w, https:\/\/siter.fr\/wp-content\/uploads\/2021\/11\/2021-11-09-LOGO-QPILOTE-600x193.png 600w, https:\/\/siter.fr\/wp-content\/uploads\/2021\/11\/2021-11-09-LOGO-QPILOTE.png 1564w\" sizes=\"(max-width: 300px) 100vw, 300px\" \/><\/strong><\/h1>\n<p>En passant par l\u2019outil de pilotage strat\u00e9gique QPILOTE qui f\u00e9d\u00e8re \u00e9quipes, partenaires, \u00e9lus et financeurs et rassemble les suivis des projets (avanc\u00e9es, t\u00e2ches, RH, animation des r\u00e9seaux et des partenaires) des finances (d\u00e9penses, recettes, consommation des enveloppes, d\u00e9lais de caducit\u00e9) et des indicateurs de r\u00e9alisation et d\u2019impact ;<\/p>\n<h1><strong><img decoding=\"async\" class=\"alignnone size-medium wp-image-102181\" src=\"http:\/\/siter.fr\/wp-content\/uploads\/2021\/11\/2021-11-09-LOGO-GRADIENT-300x78.png\" alt=\"\" width=\"300\" height=\"78\" srcset=\"https:\/\/siter.fr\/wp-content\/uploads\/2021\/11\/2021-11-09-LOGO-GRADIENT-300x78.png 300w, https:\/\/siter.fr\/wp-content\/uploads\/2021\/11\/2021-11-09-LOGO-GRADIENT-1024x268.png 1024w, https:\/\/siter.fr\/wp-content\/uploads\/2021\/11\/2021-11-09-LOGO-GRADIENT-768x201.png 768w, https:\/\/siter.fr\/wp-content\/uploads\/2021\/11\/2021-11-09-LOGO-GRADIENT-1536x401.png 1536w, https:\/\/siter.fr\/wp-content\/uploads\/2021\/11\/2021-11-09-LOGO-GRADIENT-600x157.png 600w, https:\/\/siter.fr\/wp-content\/uploads\/2021\/11\/2021-11-09-LOGO-GRADIENT.png 1653w\" sizes=\"(max-width: 300px) 100vw, 300px\" \/><\/strong><\/h1>\n<p>Et enfin, le pilotage de \u201cl\u2019exp\u00e9rience client\u201d avec la solution GRADIENT qui permet d\u2019en assurer la gestion, le suivi et l\u2019\u00e9valuation.[\/vc_column_text][\/vc_column][\/vc_row][vc_row][vc_column width=\u00a0\u00bb1\/1&Prime;][vc_separator sep_color=\u00a0\u00bb\u00a0\u00bb uncode_shortcode_id=\u00a0\u00bb634883&Prime;][vc_column_text uncode_shortcode_id=\u00a0\u00bb284009&Prime;]<\/p>\n<h1 style=\"text-align: center;\"><span style=\"vertical-align: inherit;\"><span style=\"vertical-align: inherit;\"><span style=\"vertical-align: inherit;\"><span style=\"vertical-align: inherit;\">Nous tenons \u00e0 remercier l&rsquo;ensemble de nos clients pour leur confiance envers SITER !<\/span><\/span><\/span><\/span><\/h1>\n<pre><span class=\"font-377884\"><span style=\"vertical-align: inherit;\"><span style=\"vertical-align: inherit;\"><span style=\"vertical-align: inherit;\"><span style=\"vertical-align: inherit;\"><span style=\"vertical-align: inherit;\">Nous sommes ravis d'annoncer que l'\u00e9quipe du <\/span><\/span><\/span><\/span><strong><span style=\"vertical-align: inherit;\"><span style=\"vertical-align: inherit;\"><span style=\"vertical-align: inherit;\"><span style=\"vertical-align: inherit;\">P\u00f4le territorial de l'Albigeois et des Bastides<\/span><\/span><\/span><\/span><\/strong><\/span><span style=\"vertical-align: inherit;\"><span style=\"vertical-align: inherit;\"><span style=\"vertical-align: inherit;\"><span style=\"vertical-align: inherit;\"><span style=\"vertical-align: inherit;\">, rejoint la communaut\u00e9 des abonn\u00e9s \u00e0 QPILOTE. En portant des contractualisations ambitieuses en partenariat avec ses intercommunalit\u00e9s, cette \u00e9quipe \u00e9largit ses comp\u00e9tences et renforce ses capacit\u00e9s de suivi gr\u00e2ce \u00e0 notre solution innovante.<\/span><\/span><\/span><\/span><\/span><\/span>\r\n\r\n<span class=\"font-377884\"><span style=\"vertical-align: inherit;\"><span style=\"vertical-align: inherit;\"><span style=\"vertical-align: inherit;\"><span style=\"vertical-align: inherit;\"><span style=\"vertical-align: inherit;\">Nous souhaitons \u00e9galement la bienvenue \u00e0 plusieurs nouveaux territoires qui ont choisi QPILOTE pour optimiser le suivi et le pilotage de leurs projets : <\/span><\/span><\/span><\/span><\/span><strong><span style=\"vertical-align: inherit;\"><span style=\"vertical-align: inherit;\"><span style=\"vertical-align: inherit;\"><span style=\"vertical-align: inherit;\"><span style=\"vertical-align: inherit;\">le PETR Centre Cher<\/span><\/span><\/span><\/span><\/span><\/strong><span style=\"vertical-align: inherit;\"><span style=\"vertical-align: inherit;\"><span style=\"vertical-align: inherit;\"><span style=\"vertical-align: inherit;\"><span style=\"vertical-align: inherit;\">, <\/span><\/span><\/span><\/span><\/span><strong><span style=\"vertical-align: inherit;\"><span style=\"vertical-align: inherit;\"><span style=\"vertical-align: inherit;\"><span style=\"vertical-align: inherit;\"><span style=\"vertical-align: inherit;\">la CA Caux Seine Agglo<\/span><\/span><\/span><\/span><\/span><\/strong><span style=\"vertical-align: inherit;\"><span style=\"vertical-align: inherit;\"><span style=\"vertical-align: inherit;\"><span style=\"vertical-align: inherit;\"><span style=\"vertical-align: inherit;\">,<\/span><\/span><\/span><\/span><\/span><strong><span style=\"vertical-align: inherit;\"><span style=\"vertical-align: inherit;\"><span style=\"vertical-align: inherit;\"><span style=\"vertical-align: inherit;\"><span style=\"vertical-align: inherit;\"> le Pays Saintonge Romane<\/span><\/span><\/span><\/span><\/span><\/strong><span style=\"vertical-align: inherit;\"><span style=\"vertical-align: inherit;\"><span style=\"vertical-align: inherit;\"><span style=\"vertical-align: inherit;\"><span style=\"vertical-align: inherit;\">,<\/span><\/span><\/span><\/span><\/span><strong><span style=\"vertical-align: inherit;\"><span style=\"vertical-align: inherit;\"><span style=\"vertical-align: inherit;\"><span style=\"vertical-align: inherit;\"><span style=\"vertical-align: inherit;\"> le PETR du Pays Lauragais<\/span><\/span><\/span><\/span><\/span><\/strong><span style=\"vertical-align: inherit;\"><span style=\"vertical-align: inherit;\"><span style=\"vertical-align: inherit;\"><span style=\"vertical-align: inherit;\"><span style=\"vertical-align: inherit;\">, et <\/span><\/span><\/span><\/span><\/span><strong><span style=\"vertical-align: inherit;\"><span style=\"vertical-align: inherit;\"><span style=\"vertical-align: inherit;\"><span style=\"vertical-align: inherit;\"><span style=\"vertical-align: inherit;\">le Pays Bassin d\u2019Arcachon - Val de l\u2019Eyre<\/span><\/span><\/span><\/span><\/span><\/strong><span style=\"vertical-align: inherit;\"><span style=\"vertical-align: inherit;\"><span style=\"vertical-align: inherit;\"><span style=\"vertical-align: inherit;\"><span style=\"vertical-align: inherit;\">.<\/span><\/span><\/span><\/span><\/span><\/span> <span class=\"font-377884\"><span style=\"vertical-align: inherit;\"><span style=\"vertical-align: inherit;\"><span style=\"vertical-align: inherit;\"><span style=\"vertical-align: inherit;\"><span style=\"vertical-align: inherit;\">Chacune de ces \u00e9quipes s'engage dans des projets ambitieux et b\u00e9n\u00e9ficie de notre outil pour g\u00e9rer efficacement leurs contractualisations nationales et europ\u00e9ennes. <\/span><\/span><\/span><\/span><\/span><\/span><span class=\"font-377884\"><span style=\"vertical-align: inherit;\"><span style=\"vertical-align: inherit;\"><span style=\"vertical-align: inherit;\"><span style=\"vertical-align: inherit;\"><span style=\"vertical-align: inherit;\">Avec QPILOTE, SITER offre une solution de suivi et de pilotage destin\u00e9e aux territoires de projet. Notre outil soutient les collectivit\u00e9s dans la gestion de leurs engagements contractuels, favorisant leur succ\u00e8s et leur d\u00e9veloppement.<\/span><\/span><\/span><\/span>\r\n\r\n<\/span><\/span><span class=\"font-377884\"><span style=\"vertical-align: inherit;\"><span style=\"vertical-align: inherit;\"><span style=\"vertical-align: inherit;\"><span style=\"vertical-align: inherit;\"><span style=\"vertical-align: inherit;\">Rejoignez la communaut\u00e9 des abonn\u00e9s \u00e0 QPILOTE et b\u00e9n\u00e9ficiez d'une solution \u00e9prouv\u00e9e pour optimiser la gestion de vos projets territoriaux !<\/span><\/span><\/span><\/span>\r\n\r\n\r\n\r\n<\/span><\/span><\/pre>\n<p><img decoding=\"async\" class=\"alignnone size-medium wp-image-102429\" src=\"http:\/\/siter.fr\/wp-content\/uploads\/2024\/06\/Capture-decran-2024-06-25-171653-300x274.png\" alt=\"\" width=\"300\" height=\"274\" srcset=\"https:\/\/siter.fr\/wp-content\/uploads\/2024\/06\/Capture-decran-2024-06-25-171653-300x274.png 300w, https:\/\/siter.fr\/wp-content\/uploads\/2024\/06\/Capture-decran-2024-06-25-171653-350x320.png 350w, https:\/\/siter.fr\/wp-content\/uploads\/2024\/06\/Capture-decran-2024-06-25-171653.png 615w\" sizes=\"(max-width: 300px) 100vw, 300px\" \/><img decoding=\"async\" class=\"alignnone size-medium wp-image-102430\" src=\"http:\/\/siter.fr\/wp-content\/uploads\/2024\/06\/Capture-decran-2024-06-25-171738-300x266.png\" alt=\"\" width=\"300\" height=\"266\" srcset=\"https:\/\/siter.fr\/wp-content\/uploads\/2024\/06\/Capture-decran-2024-06-25-171738-300x266.png 300w, https:\/\/siter.fr\/wp-content\/uploads\/2024\/06\/Capture-decran-2024-06-25-171738-350x310.png 350w, https:\/\/siter.fr\/wp-content\/uploads\/2024\/06\/Capture-decran-2024-06-25-171738.png 631w\" sizes=\"(max-width: 300px) 100vw, 300px\" \/> <img decoding=\"async\" class=\"alignnone size-medium wp-image-102432\" src=\"http:\/\/siter.fr\/wp-content\/uploads\/2024\/06\/Capture-decran-2024-06-25-171837-300x295.png\" alt=\"\" width=\"300\" height=\"295\" srcset=\"https:\/\/siter.fr\/wp-content\/uploads\/2024\/06\/Capture-decran-2024-06-25-171837-300x295.png 300w, https:\/\/siter.fr\/wp-content\/uploads\/2024\/06\/Capture-decran-2024-06-25-171837-350x344.png 350w, https:\/\/siter.fr\/wp-content\/uploads\/2024\/06\/Capture-decran-2024-06-25-171837.png 586w\" sizes=\"(max-width: 300px) 100vw, 300px\" \/><img decoding=\"async\" class=\"alignnone wp-image-102433\" src=\"http:\/\/siter.fr\/wp-content\/uploads\/2024\/06\/Capture-decran-2024-06-25-171829-300x245.png\" alt=\"\" width=\"324\" height=\"265\" srcset=\"https:\/\/siter.fr\/wp-content\/uploads\/2024\/06\/Capture-decran-2024-06-25-171829-300x245.png 300w, https:\/\/siter.fr\/wp-content\/uploads\/2024\/06\/Capture-decran-2024-06-25-171829-350x285.png 350w, https:\/\/siter.fr\/wp-content\/uploads\/2024\/06\/Capture-decran-2024-06-25-171829.png 698w\" sizes=\"(max-width: 324px) 100vw, 324px\" \/><img decoding=\"async\" class=\"alignnone size-medium wp-image-102434\" src=\"http:\/\/siter.fr\/wp-content\/uploads\/2024\/06\/Capture-decran-2024-06-25-171823-300x244.png\" alt=\"\" width=\"300\" height=\"244\" srcset=\"https:\/\/siter.fr\/wp-content\/uploads\/2024\/06\/Capture-decran-2024-06-25-171823-300x244.png 300w, https:\/\/siter.fr\/wp-content\/uploads\/2024\/06\/Capture-decran-2024-06-25-171823-350x285.png 350w, https:\/\/siter.fr\/wp-content\/uploads\/2024\/06\/Capture-decran-2024-06-25-171823.png 616w\" sizes=\"(max-width: 300px) 100vw, 300px\" \/><img decoding=\"async\" class=\"alignnone size-medium wp-image-102438\" src=\"http:\/\/siter.fr\/wp-content\/uploads\/2024\/06\/Capture-decran-2024-06-26-101115-300x250.png\" alt=\"\" width=\"300\" height=\"250\" srcset=\"https:\/\/siter.fr\/wp-content\/uploads\/2024\/06\/Capture-decran-2024-06-26-101115-300x250.png 300w, https:\/\/siter.fr\/wp-content\/uploads\/2024\/06\/Capture-decran-2024-06-26-101115-350x292.png 350w, https:\/\/siter.fr\/wp-content\/uploads\/2024\/06\/Capture-decran-2024-06-26-101115.png 665w\" sizes=\"(max-width: 300px) 100vw, 300px\" \/><\/p>\n<hr \/>\n<p>[\/vc_column_text][\/vc_column][\/vc_row]<\/p>\n<\/div>","protected":false},"excerpt":{"rendered":"<p>[vc_row][vc_column width=\u00a0\u00bb1\/1&Prime;][vc_column_text uncode_shortcode_id=\u00a0\u00bb175892&Prime;] \u00c9diteur de solutions pour le diagnostic des enjeux, la mise en \u0153uvre de strat\u00e9gie publiques et priv\u00e9es, [&hellip;]<\/p>\n","protected":false},"author":1,"featured_media":0,"parent":0,"menu_order":0,"comment_status":"closed","ping_status":"closed","template":"","meta":{"footnotes":""},"class_list":["post-102151","page","type-page","status-publish","hentry"],"_links":{"self":[{"href":"https:\/\/siter.fr\/index.php\/wp-json\/wp\/v2\/pages\/102151","targetHints":{"allow":["GET"]}}],"collection":[{"href":"https:\/\/siter.fr\/index.php\/wp-json\/wp\/v2\/pages"}],"about":[{"href":"https:\/\/siter.fr\/index.php\/wp-json\/wp\/v2\/types\/page"}],"author":[{"embeddable":true,"href":"https:\/\/siter.fr\/index.php\/wp-json\/wp\/v2\/users\/1"}],"replies":[{"embeddable":true,"href":"https:\/\/siter.fr\/index.php\/wp-json\/wp\/v2\/comments?post=102151"}],"version-history":[{"count":13,"href":"https:\/\/siter.fr\/index.php\/wp-json\/wp\/v2\/pages\/102151\/revisions"}],"predecessor-version":[{"id":102441,"href":"https:\/\/siter.fr\/index.php\/wp-json\/wp\/v2\/pages\/102151\/revisions\/102441"}],"wp:attachment":[{"href":"https:\/\/siter.fr\/index.php\/wp-json\/wp\/v2\/media?parent=102151"}],"curies":[{"name":"wp","href":"https:\/\/api.w.org\/{rel}","templated":true}]}}